{"id":13002,"date":"2025-10-15T12:16:25","date_gmt":"2025-10-15T12:16:25","guid":{"rendered":"https:\/\/www.evrenhelvaci.com\/?post_type=product&#038;p=13002"},"modified":"2026-01-11T17:41:04","modified_gmt":"2026-01-11T17:41:04","slug":"karin-germe-abdominoplasti","status":"publish","type":"product","link":"https:\/\/www.evrenhelvaci.com\/en\/product\/karin-germe-abdominoplasti\/","title":{"rendered":"Kar\u0131n Germe (Abdominoplasti)"},"content":{"rendered":"<p class=\"cvGsUA direction-ltr align-justify para-style-body\"><strong><span class=\"a_GcMg font-feature-liga-off font-feature-clig-off font-feature-calt-off text-decoration-underline text-strikethrough-none\">Kar\u0131n Germe Nedir?<\/span><\/strong><\/p>\n<p class=\"cvGsUA direction-ltr align-justify para-style-body\"><span class=\"a_GcMg font-feature-liga-off font-feature-clig-off font-feature-calt-off text-decoration-none text-strikethrough-none\">Kar\u0131n germe; fazla cilt dokusunun al\u0131nmas\u0131, gev\u015femi\u015f kar\u0131n kaslar\u0131n\u0131n s\u0131k\u0131la\u015ft\u0131r\u0131lmas\u0131 ve estetik bir kar\u0131n konturu olu\u015fturulmas\u0131 i\u015flemidir. \u00c7o\u011fu zaman, kar\u0131n alt b\u00f6lgesindeki \u00e7atlaklar da bu operasyonla birlikte giderilebilir. Mini ve tam abdominoplasti olmak \u00fczere farkl\u0131 tekniklerle uygulanabilir.<\/span><\/p>\n<p class=\"cvGsUA direction-ltr align-justify para-style-body\"><strong><span class=\"a_GcMg font-feature-liga-off font-feature-clig-off font-feature-calt-off text-decoration-underline text-strikethrough-none\">Uygulama Alanlar\u0131<\/span><\/strong><\/p>\n<ul>\n<li><span class=\"a_GcMg font-feature-liga-off font-feature-clig-off font-feature-calt-off text-decoration-none text-strikethrough-none\">Do\u011fum sonras\u0131 kar\u0131n b\u00f6lgesi sarkma ya\u015fayan kad\u0131nlar<\/span><\/li>\n<li><span class=\"a_GcMg font-feature-liga-off font-feature-clig-off font-feature-calt-off text-decoration-none text-strikethrough-none\">Kilo kayb\u0131 sonras\u0131 kar\u0131n derisinde gev\u015feme olu\u015fan bireyler<\/span><\/li>\n<li><span class=\"a_GcMg font-feature-liga-off font-feature-clig-off font-feature-calt-off text-decoration-none text-strikethrough-none\">Kar\u0131n kaslar\u0131nda ayr\u0131lma (diastaz) problemi olanlar<\/span><\/li>\n<li><span class=\"a_GcMg font-feature-liga-off font-feature-clig-off font-feature-calt-off text-decoration-none text-strikethrough-none\">Estetik olarak daha d\u00fcz ve gergin bir kar\u0131n profili isteyenler<\/span><\/li>\n<li><span class=\"a_GcMg font-feature-liga-off font-feature-clig-off font-feature-calt-off text-decoration-none text-strikethrough-none\">Sa\u011fl\u0131\u011f\u0131 yerinde olan, ameliyata engel durumu bulunmayan yeti\u015fkinler<\/span><\/li>\n<\/ul>\n<p class=\"cvGsUA direction-ltr align-justify para-style-body\"><strong><span class=\"a_GcMg font-feature-liga-off font-feature-clig-off font-feature-calt-off text-decoration-underline text-strikethrough-none\">\u0130\u015flem S\u00fcresi ve Etkisi<\/span><\/strong><\/p>\n<ul>\n<li><span class=\"a_GcMg font-feature-liga-off font-feature-clig-off font-feature-calt-off text-decoration-none text-strikethrough-none\">S\u00fcre: Ortalama 2\u20133 saat<\/span><\/li>\n<li><span class=\"a_GcMg font-feature-liga-off font-feature-clig-off font-feature-calt-off text-decoration-none text-strikethrough-none\">Anestezi: Genel anestezi alt\u0131nda uygulan\u0131r<\/span><\/li>\n<li><span class=\"a_GcMg font-feature-liga-off font-feature-clig-off font-feature-calt-off text-decoration-none text-strikethrough-none\">Hastanede kal\u0131\u015f: Genellikle 1 gece<\/span><\/li>\n<li><span class=\"a_GcMg font-feature-liga-off font-feature-clig-off font-feature-calt-off text-decoration-none text-strikethrough-none\">\u0130yile\u015fme s\u00fcreci: 1 hafta i\u00e7inde g\u00fcnl\u00fck ya\u015fama d\u00f6n\u00fc\u015f, 4\u20136 hafta korse kullan\u0131m\u0131<\/span><\/li>\n<li><span class=\"a_GcMg font-feature-liga-off font-feature-clig-off font-feature-calt-off text-decoration-none text-strikethrough-none\">\u0130z: Bikini hatt\u0131nda kalacak \u015fekilde konumland\u0131r\u0131l\u0131r ve zamanla silikle\u015fir<\/span><\/li>\n<\/ul>\n<p class=\"cvGsUA direction-ltr align-justify para-style-body\"><strong><span class=\"a_GcMg font-feature-liga-off font-feature-clig-off font-feature-calt-off text-decoration-underline text-strikethrough-none\">Avantajlar\u0131<\/span><\/strong><\/p>\n<ul>\n<li><span class=\"a_GcMg font-feature-liga-off font-feature-clig-off font-feature-calt-off text-decoration-none text-strikethrough-none\">Sarkm\u0131\u015f cilt dokusunu giderir<\/span><\/li>\n<li><span class=\"a_GcMg font-feature-liga-off font-feature-clig-off font-feature-calt-off text-decoration-none text-strikethrough-none\">Kar\u0131n kaslar\u0131n\u0131 s\u0131k\u0131la\u015ft\u0131r\u0131r<\/span><\/li>\n<li><span class=\"a_GcMg font-feature-liga-off font-feature-clig-off font-feature-calt-off text-decoration-none text-strikethrough-none\">\u00c7atlaklar\u0131n b\u00fcy\u00fck k\u0131sm\u0131n\u0131 yok eder<\/span><\/li>\n<li><span class=\"a_GcMg font-feature-liga-off font-feature-clig-off font-feature-calt-off text-decoration-none text-strikethrough-none\">Estetik ve dengeli bir v\u00fccut g\u00f6r\u00fcn\u00fcm\u00fc sa\u011flar<\/span><\/li>\n<li><span class=\"a_GcMg font-feature-liga-off font-feature-clig-off font-feature-calt-off text-decoration-none text-strikethrough-none\">Do\u011fum sonras\u0131 beden toparlamaya yard\u0131mc\u0131d\u0131r<\/span><\/li>\n<\/ul>\n\n    <div class=\"xs_social_share_widget xs_share_url after_content \t\tmain_content  wslu-style-1 wslu-share-box-shaped wslu-fill-colored wslu-none wslu-share-horizontal wslu-theme-font-no wslu-main_content\">\n\n\t\t\n        <ul>\n\t\t\t        <\/ul>\n    <\/div>","protected":false},"excerpt":{"rendered":"<p class=\"cvGsUA direction-ltr align-justify para-style-body\"><span class=\"a_GcMg font-feature-liga-off font-feature-clig-off font-feature-calt-off text-decoration-underline text-strikethrough-none\">Daha S\u0131k\u0131, D\u00fcz ve Toparlanm\u0131\u015f Bir Kar\u0131n B\u00f6lgesi<\/span><\/p>\n<p class=\"cvGsUA direction-ltr align-justify para-style-body\"><span class=\"a_GcMg font-feature-liga-off font-feature-clig-off font-feature-calt-off text-decoration-none text-strikethrough-none\">Kar\u0131n germe ameliyat\u0131, \u00f6zellikle do\u011fum, h\u0131zl\u0131 kilo al\u0131p verme ya da ya\u015flanmaya ba\u011fl\u0131 olarak kar\u0131n b\u00f6lgesinde olu\u015fan sarkma ve gev\u015femeleri gidermek i\u00e7in uygulanan cerrahi bir i\u015flemdir. Daha gergin, estetik ve sa\u011fl\u0131kl\u0131 bir v\u00fccut formu hedeflenir.<\/span><\/p>","protected":false},"featured_media":13332,"comment_status":"closed","ping_status":"closed","template":"","meta":{"_acf_changed":false},"product_brand":[],"product_cat":[34],"product_tag":[],"class_list":{"0":"post-13002","1":"product","2":"type-product","3":"status-publish","4":"has-post-thumbnail","6":"product_cat-estetik-cerrahi","8":"first","9":"instock","10":"sold-individually","11":"shipping-taxable","12":"product-type-simple"},"acf":[],"_links":{"self":[{"href":"https:\/\/www.evrenhelvaci.com\/en\/wp-json\/wp\/v2\/product\/13002","targetHints":{"allow":["GET"]}}],"collection":[{"href":"https:\/\/www.evrenhelvaci.com\/en\/wp-json\/wp\/v2\/product"}],"about":[{"href":"https:\/\/www.evrenhelvaci.com\/en\/wp-json\/wp\/v2\/types\/product"}],"replies":[{"embeddable":true,"href":"https:\/\/www.evrenhelvaci.com\/en\/wp-json\/wp\/v2\/comments?post=13002"}],"wp:featuredmedia":[{"embeddable":true,"href":"https:\/\/www.evrenhelvaci.com\/en\/wp-json\/wp\/v2\/media\/13332"}],"wp:attachment":[{"href":"https:\/\/www.evrenhelvaci.com\/en\/wp-json\/wp\/v2\/media?parent=13002"}],"wp:term":[{"taxonomy":"product_brand","embeddable":true,"href":"https:\/\/www.evrenhelvaci.com\/en\/wp-json\/wp\/v2\/product_brand?post=13002"},{"taxonomy":"product_cat","embeddable":true,"href":"https:\/\/www.evrenhelvaci.com\/en\/wp-json\/wp\/v2\/product_cat?post=13002"},{"taxonomy":"product_tag","embeddable":true,"href":"https:\/\/www.evrenhelvaci.com\/en\/wp-json\/wp\/v2\/product_tag?post=13002"}],"curies":[{"name":"wp","href":"https:\/\/api.w.org\/{rel}","templated":true}]}}