{"id":13010,"date":"2025-10-15T12:36:39","date_gmt":"2025-10-15T12:36:39","guid":{"rendered":"https:\/\/www.evrenhelvaci.com\/?post_type=product&#038;p=13010"},"modified":"2026-01-11T17:41:03","modified_gmt":"2026-01-11T17:41:03","slug":"vucut-sekillendirme","status":"publish","type":"product","link":"https:\/\/www.evrenhelvaci.com\/en\/product\/vucut-sekillendirme\/","title":{"rendered":"V\u00fccut \u015eekillendirme"},"content":{"rendered":"<p class=\"cvGsUA direction-ltr align-justify para-style-body\"><strong><span class=\"a_GcMg font-feature-liga-off font-feature-clig-off font-feature-calt-off text-decoration-underline text-strikethrough-none\">V\u00fccut \u015eekillendirme Nedir?<\/span><\/strong><\/p>\n<p class=\"cvGsUA direction-ltr align-justify para-style-body\"><span class=\"a_GcMg font-feature-liga-off font-feature-clig-off font-feature-calt-off text-decoration-none text-strikethrough-none\">Kilo kayb\u0131 sonras\u0131 ya da genetik yap\u0131ya ba\u011fl\u0131 olarak v\u00fccutta ortaya \u00e7\u0131kan sarkma, orant\u0131s\u0131zl\u0131k ve b\u00f6lgesel ya\u011flanmalar; estetik cerrahi y\u00f6ntemlerle d\u00fczeltilebilir. Kar\u0131n, bel, s\u0131rt, uyluk, kol ve kal\u00e7a b\u00f6lgeleri en s\u0131k m\u00fcdahale edilen alanlard\u0131r. Liposuction, kar\u0131n germe, kol germe veya popo kald\u0131rma gibi i\u015flemler kombine edilebilir.<\/span><\/p>\n<p class=\"cvGsUA direction-ltr align-justify para-style-body\"><strong><span class=\"a_GcMg font-feature-liga-off font-feature-clig-off font-feature-calt-off text-decoration-underline text-strikethrough-none\">Uygulama Alanlar\u0131<\/span><\/strong><\/p>\n<ul>\n<li><span class=\"a_GcMg font-feature-liga-off font-feature-clig-off font-feature-calt-off text-decoration-none text-strikethrough-none\">Diyet ve sporla giderilemeyen b\u00f6lgesel fazlal\u0131klara sahip olanlar<\/span><\/li>\n<li><span class=\"a_GcMg font-feature-liga-off font-feature-clig-off font-feature-calt-off text-decoration-none text-strikethrough-none\">Do\u011fum sonras\u0131 veya kilo kayb\u0131 sonras\u0131 v\u00fccudunda sarkma ya\u015fayan bireyler<\/span><\/li>\n<li><span class=\"a_GcMg font-feature-liga-off font-feature-clig-off font-feature-calt-off text-decoration-none text-strikethrough-none\">Daha fit, s\u0131k\u0131 ve dengeli bir v\u00fccut g\u00f6r\u00fcn\u00fcm\u00fc isteyen kad\u0131n ve erkekler<\/span><\/li>\n<li><span class=\"a_GcMg font-feature-liga-off font-feature-clig-off font-feature-calt-off text-decoration-none text-strikethrough-none\">Ameliyata engel bir sa\u011fl\u0131k sorunu bulunmayanlar<\/span><\/li>\n<li><span class=\"a_GcMg font-feature-liga-off font-feature-clig-off font-feature-calt-off text-decoration-none text-strikethrough-none\">Cilt elastikiyeti yeterli olanlar (veya gerekti\u011finde destek tedavi alanlar)<\/span><\/li>\n<\/ul>\n<p class=\"cvGsUA direction-ltr align-justify para-style-body\"><strong><span class=\"a_GcMg font-feature-liga-off font-feature-clig-off font-feature-calt-off text-decoration-underline text-strikethrough-none\">\u0130\u015flem S\u00fcresi ve Etkisi<\/span><\/strong><\/p>\n<ul>\n<li><span class=\"a_GcMg font-feature-liga-off font-feature-clig-off font-feature-calt-off text-decoration-none text-strikethrough-none\">S\u00fcre: M\u00fcdahale say\u0131s\u0131na g\u00f6re de\u011fi\u015fir; 2 ila 5 saat aras\u0131<\/span><\/li>\n<li><span class=\"a_GcMg font-feature-liga-off font-feature-clig-off font-feature-calt-off text-decoration-none text-strikethrough-none\">Anestezi: Genel anestezi<\/span><\/li>\n<li><span class=\"a_GcMg font-feature-liga-off font-feature-clig-off font-feature-calt-off text-decoration-none text-strikethrough-none\">Hastanede kal\u0131\u015f: 1 gece \u00f6nerilir<\/span><\/li>\n<li><span class=\"a_GcMg font-feature-liga-off font-feature-clig-off font-feature-calt-off text-decoration-none text-strikethrough-none\">\u0130yile\u015fme: \u0130lk hafta istirahat, 3\u20134 hafta korse ve k\u0131s\u0131tl\u0131 fiziksel aktivite<\/span><\/li>\n<li><span class=\"a_GcMg font-feature-liga-off font-feature-clig-off font-feature-calt-off text-decoration-none text-strikethrough-none\">\u0130z: Se\u00e7ilen i\u015flemlere g\u00f6re minimal veya klasik cerrahi izler olu\u015fabilir<\/span><\/li>\n<\/ul>\n<p class=\"cvGsUA direction-ltr align-justify para-style-body\"><strong><span class=\"a_GcMg font-feature-liga-off font-feature-clig-off font-feature-calt-off text-decoration-underline text-strikethrough-none\">Avantajlar\u0131<\/span><\/strong><\/p>\n<ul>\n<li><span class=\"a_GcMg font-feature-liga-off font-feature-clig-off font-feature-calt-off text-decoration-none text-strikethrough-none\">V\u00fccut hatlar\u0131n\u0131 yeniden \u015fekillendirir<\/span><\/li>\n<li><span class=\"a_GcMg font-feature-liga-off font-feature-clig-off font-feature-calt-off text-decoration-none text-strikethrough-none\">Daha s\u0131k\u0131 ve estetik bir g\u00f6r\u00fcn\u00fcm sa\u011flar<\/span><\/li>\n<li><span class=\"a_GcMg font-feature-liga-off font-feature-clig-off font-feature-calt-off text-decoration-none text-strikethrough-none\">K\u0131yafet tercihini kolayla\u015ft\u0131r\u0131r<\/span><\/li>\n<li><span class=\"a_GcMg font-feature-liga-off font-feature-clig-off font-feature-calt-off text-decoration-none text-strikethrough-none\">B\u00f6lgesel fazlal\u0131klardan kal\u0131c\u0131 olarak kurtulma imk\u00e2n\u0131 sunar<\/span><\/li>\n<li><span class=\"a_GcMg font-feature-liga-off font-feature-clig-off font-feature-calt-off text-decoration-none text-strikethrough-none\">Ki\u015fiye \u00f6zel kombine \u00e7\u00f6z\u00fcmler \u00fcretilebilir<\/span><\/li>\n<\/ul>\n\n    <div class=\"xs_social_share_widget xs_share_url after_content \t\tmain_content  wslu-style-1 wslu-share-box-shaped wslu-fill-colored wslu-none wslu-share-horizontal wslu-theme-font-no wslu-main_content\">\n\n\t\t\n        <ul>\n\t\t\t        <\/ul>\n    <\/div>","protected":false},"excerpt":{"rendered":"<p class=\"cvGsUA direction-ltr align-justify para-style-body\"><span class=\"a_GcMg font-feature-liga-off font-feature-clig-off font-feature-calt-off text-decoration-underline text-strikethrough-none\">Daha Orant\u0131l\u0131, Daha Fit ve Daha S\u0131k\u0131 Bir V\u00fccut Hatt\u0131<\/span><\/p>\n<p class=\"cvGsUA direction-ltr align-justify para-style-body\"><span class=\"a_GcMg font-feature-liga-off font-feature-clig-off font-feature-calt-off text-decoration-none text-strikethrough-none\">V\u00fccut \u015fekillendirme, b\u00f6lgesel fazlal\u0131klar\u0131n giderilmesi ve gev\u015femi\u015f dokular\u0131n s\u0131k\u0131la\u015ft\u0131r\u0131lmas\u0131 yoluyla v\u00fccudu daha dengeli ve estetik bir forma kavu\u015fturan cerrahi i\u015flemler b\u00fct\u00fcn\u00fcd\u00fcr. Ki\u015fiye \u00f6zel olarak planlan\u0131r ve genellikle birden fazla b\u00f6lgeyi kapsar.<\/span><\/p>","protected":false},"featured_media":13338,"comment_status":"closed","ping_status":"closed","template":"","meta":{"_acf_changed":false},"product_brand":[],"product_cat":[34],"product_tag":[],"class_list":{"0":"post-13010","1":"product","2":"type-product","3":"status-publish","4":"has-post-thumbnail","6":"product_cat-estetik-cerrahi","8":"first","9":"instock","10":"sold-individually","11":"shipping-taxable","12":"product-type-simple"},"acf":[],"_links":{"self":[{"href":"https:\/\/www.evrenhelvaci.com\/en\/wp-json\/wp\/v2\/product\/13010","targetHints":{"allow":["GET"]}}],"collection":[{"href":"https:\/\/www.evrenhelvaci.com\/en\/wp-json\/wp\/v2\/product"}],"about":[{"href":"https:\/\/www.evrenhelvaci.com\/en\/wp-json\/wp\/v2\/types\/product"}],"replies":[{"embeddable":true,"href":"https:\/\/www.evrenhelvaci.com\/en\/wp-json\/wp\/v2\/comments?post=13010"}],"wp:featuredmedia":[{"embeddable":true,"href":"https:\/\/www.evrenhelvaci.com\/en\/wp-json\/wp\/v2\/media\/13338"}],"wp:attachment":[{"href":"https:\/\/www.evrenhelvaci.com\/en\/wp-json\/wp\/v2\/media?parent=13010"}],"wp:term":[{"taxonomy":"product_brand","embeddable":true,"href":"https:\/\/www.evrenhelvaci.com\/en\/wp-json\/wp\/v2\/product_brand?post=13010"},{"taxonomy":"product_cat","embeddable":true,"href":"https:\/\/www.evrenhelvaci.com\/en\/wp-json\/wp\/v2\/product_cat?post=13010"},{"taxonomy":"product_tag","embeddable":true,"href":"https:\/\/www.evrenhelvaci.com\/en\/wp-json\/wp\/v2\/product_tag?post=13010"}],"curies":[{"name":"wp","href":"https:\/\/api.w.org\/{rel}","templated":true}]}}